{"id":14185,"date":"2022-07-22T08:19:08","date_gmt":"2022-07-22T12:19:08","guid":{"rendered":"https:\/\/www.arssenasa.gob.do\/?page_id=14185"},"modified":"2025-04-21T02:25:51","modified_gmt":"2025-04-21T06:25:51","slug":"acuerdos-institucionales","status":"publish","type":"page","link":"https:\/\/www.arssenasa.gob.do\/index.php\/quienes-somos\/acuerdos-institucionales\/","title":{"rendered":"Acuerdos Institucionales"},"content":{"rendered":"\t\t<div data-elementor-type=\"wp-post\" data-elementor-id=\"14185\" class=\"elementor elementor-14185\" data-elementor-settings=\"{&quot;ha_cmc_init_switcher&quot;:&quot;no&quot;}\" data-elementor-post-type=\"page\">\n\t\t\t\t<div class=\"elementor-element elementor-element-c4e0852 e-con-full e-flex e-con e-parent\" data-id=\"c4e0852\" data-element_type=\"container\" data-settings=\"{&quot;background_background&quot;:&quot;classic&quot;,&quot;_ha_eqh_enable&quot;:false}\">\n\t\t\t\t<div class=\"elementor-element elementor-element-e7e307e elementor-widget elementor-widget-template\" data-id=\"e7e307e\" data-element_type=\"widget\" data-widget_type=\"template.default\">\n\t\t\t\t<div class=\"elementor-widget-container\">\n\t\t\t\t\t\t\t<div class=\"elementor-template\">\n\t\t\t\t\t<header data-elementor-type=\"header\" data-elementor-id=\"7953\" class=\"elementor elementor-7953\" data-elementor-settings=\"{&quot;ha_cmc_init_switcher&quot;:&quot;no&quot;}\" data-elementor-post-type=\"elementor_library\">\n\t\t\t<div class=\"elementor-element elementor-element-2b96271 e-flex e-con-boxed e-con e-parent\" data-id=\"2b96271\" data-element_type=\"container\" data-settings=\"{&quot;background_background&quot;:&quot;classic&quot;,&quot;_ha_eqh_enable&quot;:false}\">\n\t\t\t\t\t<div class=\"e-con-inner\">\n\t\t\t\t<div class=\"elementor-element elementor-element-83d270e elementor-widget elementor-widget-breadcrumbs\" data-id=\"83d270e\" data-element_type=\"widget\" data-widget_type=\"breadcrumbs.default\">\n\t\t\t\t<div class=\"elementor-widget-container\">\n\t\t\t\t\t<p id=\"breadcrumbs\"><span><span><a href=\"https:\/\/www.arssenasa.gob.do\/\">Inicio<\/a><\/span><\/span><\/p>\t\t\t\t<\/div>\n\t\t\t\t<\/div>\n\t\t\t\t\t<\/div>\n\t\t\t\t<\/div>\n\t\t\t\t<\/header>\n\t\t\t\t<\/div>\n\t\t\t\t\t\t<\/div>\n\t\t\t\t<\/div>\n\t\t<div class=\"elementor-element elementor-element-57e4572 e-flex e-con-boxed e-con e-child\" data-id=\"57e4572\" data-element_type=\"container\" data-settings=\"{&quot;_ha_eqh_enable&quot;:false}\">\n\t\t\t\t\t<div class=\"e-con-inner\">\n\t\t\t\t<div class=\"elementor-element elementor-element-28de155 elementor-widget__width-initial elementor-nav-menu--stretch elementor-nav-menu--dropdown-tablet elementor-nav-menu__text-align-aside elementor-nav-menu--toggle elementor-nav-menu--burger elementor-widget elementor-widget-global elementor-global-21008 elementor-widget-nav-menu\" data-id=\"28de155\" data-element_type=\"widget\" id=\"sidemenu\" data-settings=\"{&quot;layout&quot;:&quot;vertical&quot;,&quot;full_width&quot;:&quot;stretch&quot;,&quot;submenu_icon&quot;:{&quot;value&quot;:&quot;fas fa-caret-down&quot;,&quot;library&quot;:&quot;fa-solid&quot;},&quot;toggle&quot;:&quot;burger&quot;}\" data-widget_type=\"nav-menu.default\">\n\t\t\t\t<div class=\"elementor-widget-container\">\n\t\t\t\t\t\t\t\t<nav aria-label=\"Menu\" class=\"elementor-nav-menu--main elementor-nav-menu__container elementor-nav-menu--layout-vertical e--pointer-background e--animation-fade\">\n\t\t\t\t<ul id=\"menu-1-28de155\" class=\"elementor-nav-menu sm-vertical\"><li class=\"menu-item menu-item-type-post_type menu-item-object-page menu-item-84\"><a href=\"https:\/\/www.arssenasa.gob.do\/index.php\/quienes-somos\/\" class=\"elementor-item\">\u00bfQui\u00e9nes somos?<\/a><\/li>\n<li class=\"menu-item menu-item-type-post_type menu-item-object-page menu-item-134\"><a href=\"https:\/\/www.arssenasa.gob.do\/index.php\/quienes-somos\/historia\/\" class=\"elementor-item\">Historia<\/a><\/li>\n<li class=\"menu-item menu-item-type-custom menu-item-object-custom menu-item-16229\"><a target=\"_blank\" href=\"https:\/\/organigramainstitucional.arssenasa.gob.do\/\" class=\"elementor-item\">Organigrama<\/a><\/li>\n<li class=\"menu-item menu-item-type-post_type menu-item-object-page menu-item-158\"><a href=\"https:\/\/www.arssenasa.gob.do\/index.php\/quienes-somos\/certificaciones-y-reconocimientos\/\" class=\"elementor-item\">Certificaciones y Reconocimientos<\/a><\/li>\n<li class=\"menu-item menu-item-type-post_type menu-item-object-page menu-item-167\"><a href=\"https:\/\/www.arssenasa.gob.do\/index.php\/quienes-somos\/director-ejecutivo\/\" class=\"elementor-item\">Director Ejecutivo<\/a><\/li>\n<li class=\"menu-item menu-item-type-post_type menu-item-object-page menu-item-22268\"><a href=\"https:\/\/www.arssenasa.gob.do\/index.php\/quienes-somos\/centros-y-puntos-de-servicio\/\" class=\"elementor-item\">Centros y Puntos de Servicio<\/a><\/li>\n<li class=\"menu-item menu-item-type-post_type menu-item-object-page menu-item-176\"><a href=\"https:\/\/www.arssenasa.gob.do\/index.php\/quienes-somos\/marco-legal\/\" class=\"elementor-item\">Marco Legal<\/a><\/li>\n<li class=\"menu-item menu-item-type-post_type menu-item-object-page menu-item-has-children menu-item-6287\"><a href=\"https:\/\/www.arssenasa.gob.do\/index.php\/quienes-somos\/rsi\/\" class=\"elementor-item\">Responsabilidad Social Institucional<\/a>\n<ul class=\"sub-menu elementor-nav-menu--dropdown\">\n\t<li class=\"menu-item menu-item-type-post_type menu-item-object-page menu-item-10556\"><a href=\"https:\/\/www.arssenasa.gob.do\/index.php\/quienes-somos\/rsi\/rsi-inclusion-social\/\" class=\"elementor-sub-item\">Inclusi\u00f3n Social<\/a><\/li>\n\t<li class=\"menu-item menu-item-type-post_type menu-item-object-page menu-item-10557\"><a href=\"https:\/\/www.arssenasa.gob.do\/index.php\/quienes-somos\/rsi\/rsi-medio-ambiente\/\" class=\"elementor-sub-item\">Medio Ambiente<\/a><\/li>\n\t<li class=\"menu-item menu-item-type-post_type menu-item-object-page menu-item-10559\"><a href=\"https:\/\/www.arssenasa.gob.do\/index.php\/quienes-somos\/rsi\/educacion-2\/\" class=\"elementor-sub-item\">Educaci\u00f3n<\/a><\/li>\n\t<li class=\"menu-item menu-item-type-post_type menu-item-object-page menu-item-10558\"><a href=\"https:\/\/www.arssenasa.gob.do\/index.php\/quienes-somos\/rsi\/rsi-vida-sana\/\" class=\"elementor-sub-item\">Vida Sana<\/a><\/li>\n<\/ul>\n<\/li>\n<li class=\"menu-item menu-item-type-post_type menu-item-object-page menu-item-13077\"><a href=\"https:\/\/www.arssenasa.gob.do\/index.php\/quienes-somos\/estadisticas\/\" class=\"elementor-item\">Estad\u00edsticas<\/a><\/li>\n<li class=\"menu-item menu-item-type-post_type menu-item-object-page menu-item-16152\"><a href=\"https:\/\/www.arssenasa.gob.do\/index.php\/quienes-somos\/acuerdos-institucionales\/\" class=\"elementor-item\">Acuerdos Institucionales<\/a><\/li>\n<li class=\"menu-item menu-item-type-post_type menu-item-object-page menu-item-21400\"><a href=\"https:\/\/www.arssenasa.gob.do\/index.php\/quienes-somos\/canales-de-denuncia\/\" class=\"elementor-item\">Canales de Denuncia<\/a><\/li>\n<\/ul>\t\t\t<\/nav>\n\t\t\t\t\t<div class=\"elementor-menu-toggle\" role=\"button\" tabindex=\"0\" aria-label=\"Menu Toggle\" aria-expanded=\"false\">\n\t\t\t<svg aria-hidden=\"true\" role=\"presentation\" class=\"elementor-menu-toggle__icon--open e-font-icon-svg e-eicon-menu-bar\" viewBox=\"0 0 1000 1000\" xmlns=\"http:\/\/www.w3.org\/2000\/svg\"><path d=\"M104 333H896C929 333 958 304 958 271S929 208 896 208H104C71 208 42 237 42 271S71 333 104 333ZM104 583H896C929 583 958 554 958 521S929 458 896 458H104C71 458 42 487 42 521S71 583 104 583ZM104 833H896C929 833 958 804 958 771S929 708 896 708H104C71 708 42 737 42 771S71 833 104 833Z\"><\/path><\/svg><svg aria-hidden=\"true\" role=\"presentation\" class=\"elementor-menu-toggle__icon--close e-font-icon-svg e-eicon-close\" viewBox=\"0 0 1000 1000\" xmlns=\"http:\/\/www.w3.org\/2000\/svg\"><path d=\"M742 167L500 408 258 167C246 154 233 150 217 150 196 150 179 158 167 167 154 179 150 196 150 212 150 229 154 242 171 254L408 500 167 742C138 771 138 800 167 829 196 858 225 858 254 829L496 587 738 829C750 842 767 846 783 846 800 846 817 842 829 829 842 817 846 804 846 783 846 767 842 750 829 737L588 500 833 258C863 229 863 200 833 171 804 137 775 137 742 167Z\"><\/path><\/svg>\t\t<\/div>\n\t\t\t\t\t<nav class=\"elementor-nav-menu--dropdown elementor-nav-menu__container\" aria-hidden=\"true\">\n\t\t\t\t<ul id=\"menu-2-28de155\" class=\"elementor-nav-menu sm-vertical\"><li class=\"menu-item menu-item-type-post_type menu-item-object-page menu-item-84\"><a href=\"https:\/\/www.arssenasa.gob.do\/index.php\/quienes-somos\/\" class=\"elementor-item\" tabindex=\"-1\">\u00bfQui\u00e9nes somos?<\/a><\/li>\n<li class=\"menu-item menu-item-type-post_type menu-item-object-page menu-item-134\"><a href=\"https:\/\/www.arssenasa.gob.do\/index.php\/quienes-somos\/historia\/\" class=\"elementor-item\" tabindex=\"-1\">Historia<\/a><\/li>\n<li class=\"menu-item menu-item-type-custom menu-item-object-custom menu-item-16229\"><a target=\"_blank\" href=\"https:\/\/organigramainstitucional.arssenasa.gob.do\/\" class=\"elementor-item\" tabindex=\"-1\">Organigrama<\/a><\/li>\n<li class=\"menu-item menu-item-type-post_type menu-item-object-page menu-item-158\"><a href=\"https:\/\/www.arssenasa.gob.do\/index.php\/quienes-somos\/certificaciones-y-reconocimientos\/\" class=\"elementor-item\" tabindex=\"-1\">Certificaciones y Reconocimientos<\/a><\/li>\n<li class=\"menu-item menu-item-type-post_type menu-item-object-page menu-item-167\"><a href=\"https:\/\/www.arssenasa.gob.do\/index.php\/quienes-somos\/director-ejecutivo\/\" class=\"elementor-item\" tabindex=\"-1\">Director Ejecutivo<\/a><\/li>\n<li class=\"menu-item menu-item-type-post_type menu-item-object-page menu-item-22268\"><a href=\"https:\/\/www.arssenasa.gob.do\/index.php\/quienes-somos\/centros-y-puntos-de-servicio\/\" class=\"elementor-item\" tabindex=\"-1\">Centros y Puntos de Servicio<\/a><\/li>\n<li class=\"menu-item menu-item-type-post_type menu-item-object-page menu-item-176\"><a href=\"https:\/\/www.arssenasa.gob.do\/index.php\/quienes-somos\/marco-legal\/\" class=\"elementor-item\" tabindex=\"-1\">Marco Legal<\/a><\/li>\n<li class=\"menu-item menu-item-type-post_type menu-item-object-page menu-item-has-children menu-item-6287\"><a href=\"https:\/\/www.arssenasa.gob.do\/index.php\/quienes-somos\/rsi\/\" class=\"elementor-item\" tabindex=\"-1\">Responsabilidad Social Institucional<\/a>\n<ul class=\"sub-menu elementor-nav-menu--dropdown\">\n\t<li class=\"menu-item menu-item-type-post_type menu-item-object-page menu-item-10556\"><a href=\"https:\/\/www.arssenasa.gob.do\/index.php\/quienes-somos\/rsi\/rsi-inclusion-social\/\" class=\"elementor-sub-item\" tabindex=\"-1\">Inclusi\u00f3n Social<\/a><\/li>\n\t<li class=\"menu-item menu-item-type-post_type menu-item-object-page menu-item-10557\"><a href=\"https:\/\/www.arssenasa.gob.do\/index.php\/quienes-somos\/rsi\/rsi-medio-ambiente\/\" class=\"elementor-sub-item\" tabindex=\"-1\">Medio Ambiente<\/a><\/li>\n\t<li class=\"menu-item menu-item-type-post_type menu-item-object-page menu-item-10559\"><a href=\"https:\/\/www.arssenasa.gob.do\/index.php\/quienes-somos\/rsi\/educacion-2\/\" class=\"elementor-sub-item\" tabindex=\"-1\">Educaci\u00f3n<\/a><\/li>\n\t<li class=\"menu-item menu-item-type-post_type menu-item-object-page menu-item-10558\"><a href=\"https:\/\/www.arssenasa.gob.do\/index.php\/quienes-somos\/rsi\/rsi-vida-sana\/\" class=\"elementor-sub-item\" tabindex=\"-1\">Vida Sana<\/a><\/li>\n<\/ul>\n<\/li>\n<li class=\"menu-item menu-item-type-post_type menu-item-object-page menu-item-13077\"><a href=\"https:\/\/www.arssenasa.gob.do\/index.php\/quienes-somos\/estadisticas\/\" class=\"elementor-item\" tabindex=\"-1\">Estad\u00edsticas<\/a><\/li>\n<li class=\"menu-item menu-item-type-post_type menu-item-object-page menu-item-16152\"><a href=\"https:\/\/www.arssenasa.gob.do\/index.php\/quienes-somos\/acuerdos-institucionales\/\" class=\"elementor-item\" tabindex=\"-1\">Acuerdos Institucionales<\/a><\/li>\n<li class=\"menu-item menu-item-type-post_type menu-item-object-page menu-item-21400\"><a href=\"https:\/\/www.arssenasa.gob.do\/index.php\/quienes-somos\/canales-de-denuncia\/\" class=\"elementor-item\" tabindex=\"-1\">Canales de Denuncia<\/a><\/li>\n<\/ul>\t\t\t<\/nav>\n\t\t\t\t\t\t<\/div>\n\t\t\t\t<\/div>\n\t\t<div class=\"elementor-element elementor-element-c800955 e-con-full e-flex e-con e-child\" data-id=\"c800955\" data-element_type=\"container\" data-settings=\"{&quot;_ha_eqh_enable&quot;:false}\">\n\t\t\t\t<div class=\"elementor-element elementor-element-e35f393 elementor-widget elementor-widget-template\" data-id=\"e35f393\" data-element_type=\"widget\" data-widget_type=\"template.default\">\n\t\t\t\t<div class=\"elementor-widget-container\">\n\t\t\t\t\t\t\t<div class=\"elementor-template\">\n\t\t\t\t\t<div data-elementor-type=\"section\" data-elementor-id=\"10958\" class=\"elementor elementor-10958\" data-elementor-settings=\"{&quot;ha_cmc_init_switcher&quot;:&quot;no&quot;}\" data-elementor-post-type=\"elementor_library\">\n\t\t\t<div class=\"elementor-element elementor-element-66fd313 e-flex e-con-boxed e-con e-parent\" data-id=\"66fd313\" data-element_type=\"container\" data-settings=\"{&quot;_ha_eqh_enable&quot;:false}\">\n\t\t\t\t\t<div class=\"e-con-inner\">\n\t\t<div class=\"elementor-element elementor-element-6ce4ef6 e-con-full e-flex e-con e-child\" data-id=\"6ce4ef6\" data-element_type=\"container\" data-settings=\"{&quot;_ha_eqh_enable&quot;:false}\">\n\t\t\t\t<div class=\"elementor-element elementor-element-607ef99 elementor-share-buttons--view-icon elementor-share-buttons--skin-minimal elementor-share-buttons--shape-circle elementor-share-buttons--color-custom elementor-grid-0 elementor-widget elementor-widget-share-buttons\" data-id=\"607ef99\" data-element_type=\"widget\" data-widget_type=\"share-buttons.default\">\n\t\t\t\t<div class=\"elementor-widget-container\">\n\t\t\t\t\t\t\t<div class=\"elementor-grid\" role=\"list\">\n\t\t\t\t\t\t\t\t<div class=\"elementor-grid-item\" role=\"listitem\">\n\t\t\t\t\t\t<div class=\"elementor-share-btn elementor-share-btn_facebook\" role=\"button\" tabindex=\"0\" aria-label=\"Share on facebook\">\n\t\t\t\t\t\t\t\t\t\t\t\t\t\t\t<span class=\"elementor-share-btn__icon\">\n\t\t\t\t\t\t\t\t<svg aria-hidden=\"true\" class=\"e-font-icon-svg e-fab-facebook\" viewBox=\"0 0 512 512\" xmlns=\"http:\/\/www.w3.org\/2000\/svg\"><path d=\"M504 256C504 119 393 8 256 8S8 119 8 256c0 123.78 90.69 226.38 209.25 245V327.69h-63V256h63v-54.64c0-62.15 37-96.48 93.67-96.48 27.14 0 55.52 4.84 55.52 4.84v61h-31.28c-30.8 0-40.41 19.12-40.41 38.73V256h68.78l-11 71.69h-57.78V501C413.31 482.38 504 379.78 504 256z\"><\/path><\/svg>\t\t\t\t\t\t\t<\/span>\n\t\t\t\t\t\t\t\t\t\t\t\t\t\t\t\t\t\t\t\t<\/div>\n\t\t\t\t\t<\/div>\n\t\t\t\t\t\t\t\t\t<div class=\"elementor-grid-item\" role=\"listitem\">\n\t\t\t\t\t\t<div class=\"elementor-share-btn elementor-share-btn_linkedin\" role=\"button\" tabindex=\"0\" aria-label=\"Share on linkedin\">\n\t\t\t\t\t\t\t\t\t\t\t\t\t\t\t<span class=\"elementor-share-btn__icon\">\n\t\t\t\t\t\t\t\t<svg aria-hidden=\"true\" class=\"e-font-icon-svg e-fab-linkedin\" viewBox=\"0 0 448 512\" xmlns=\"http:\/\/www.w3.org\/2000\/svg\"><path d=\"M416 32H31.9C14.3 32 0 46.5 0 64.3v383.4C0 465.5 14.3 480 31.9 480H416c17.6 0 32-14.5 32-32.3V64.3c0-17.8-14.4-32.3-32-32.3zM135.4 416H69V202.2h66.5V416zm-33.2-243c-21.3 0-38.5-17.3-38.5-38.5S80.9 96 102.2 96c21.2 0 38.5 17.3 38.5 38.5 0 21.3-17.2 38.5-38.5 38.5zm282.1 243h-66.4V312c0-24.8-.5-56.7-34.5-56.7-34.6 0-39.9 27-39.9 54.9V416h-66.4V202.2h63.7v29.2h.9c8.9-16.8 30.6-34.5 62.9-34.5 67.2 0 79.7 44.3 79.7 101.9V416z\"><\/path><\/svg>\t\t\t\t\t\t\t<\/span>\n\t\t\t\t\t\t\t\t\t\t\t\t\t\t\t\t\t\t\t\t<\/div>\n\t\t\t\t\t<\/div>\n\t\t\t\t\t\t\t\t\t<div class=\"elementor-grid-item\" role=\"listitem\">\n\t\t\t\t\t\t<div class=\"elementor-share-btn elementor-share-btn_x-twitter\" role=\"button\" tabindex=\"0\" aria-label=\"Share on x-twitter\">\n\t\t\t\t\t\t\t\t\t\t\t\t\t\t\t<span class=\"elementor-share-btn__icon\">\n\t\t\t\t\t\t\t\t<svg aria-hidden=\"true\" class=\"e-font-icon-svg e-fab-x-twitter\" viewBox=\"0 0 512 512\" xmlns=\"http:\/\/www.w3.org\/2000\/svg\"><path d=\"M389.2 48h70.6L305.6 224.2 487 464H345L233.7 318.6 106.5 464H35.8L200.7 275.5 26.8 48H172.4L272.9 180.9 389.2 48zM364.4 421.8h39.1L151.1 88h-42L364.4 421.8z\"><\/path><\/svg>\t\t\t\t\t\t\t<\/span>\n\t\t\t\t\t\t\t\t\t\t\t\t\t\t\t\t\t\t\t\t<\/div>\n\t\t\t\t\t<\/div>\n\t\t\t\t\t\t\t\t\t<div class=\"elementor-grid-item\" role=\"listitem\">\n\t\t\t\t\t\t<div class=\"elementor-share-btn elementor-share-btn_whatsapp\" role=\"button\" tabindex=\"0\" aria-label=\"Share on whatsapp\">\n\t\t\t\t\t\t\t\t\t\t\t\t\t\t\t<span class=\"elementor-share-btn__icon\">\n\t\t\t\t\t\t\t\t<svg aria-hidden=\"true\" class=\"e-font-icon-svg e-fab-whatsapp\" viewBox=\"0 0 448 512\" xmlns=\"http:\/\/www.w3.org\/2000\/svg\"><path d=\"M380.9 97.1C339 55.1 283.2 32 223.9 32c-122.4 0-222 99.6-222 222 0 39.1 10.2 77.3 29.6 111L0 480l117.7-30.9c32.4 17.7 68.9 27 106.1 27h.1c122.3 0 224.1-99.6 224.1-222 0-59.3-25.2-115-67.1-157zm-157 341.6c-33.2 0-65.7-8.9-94-25.7l-6.7-4-69.8 18.3L72 359.2l-4.4-7c-18.5-29.4-28.2-63.3-28.2-98.2 0-101.7 82.8-184.5 184.6-184.5 49.3 0 95.6 19.2 130.4 54.1 34.8 34.9 56.2 81.2 56.1 130.5 0 101.8-84.9 184.6-186.6 184.6zm101.2-138.2c-5.5-2.8-32.8-16.2-37.9-18-5.1-1.9-8.8-2.8-12.5 2.8-3.7 5.6-14.3 18-17.6 21.8-3.2 3.7-6.5 4.2-12 1.4-32.6-16.3-54-29.1-75.5-66-5.7-9.8 5.7-9.1 16.3-30.3 1.8-3.7.9-6.9-.5-9.7-1.4-2.8-12.5-30.1-17.1-41.2-4.5-10.8-9.1-9.3-12.5-9.5-3.2-.2-6.9-.2-10.6-.2-3.7 0-9.7 1.4-14.8 6.9-5.1 5.6-19.4 19-19.4 46.3 0 27.3 19.9 53.7 22.6 57.4 2.8 3.7 39.1 59.7 94.8 83.8 35.2 15.2 49 16.5 66.6 13.9 10.7-1.6 32.8-13.4 37.4-26.4 4.6-13 4.6-24.1 3.2-26.4-1.3-2.5-5-3.9-10.5-6.6z\"><\/path><\/svg>\t\t\t\t\t\t\t<\/span>\n\t\t\t\t\t\t\t\t\t\t\t\t\t\t\t\t\t\t\t\t<\/div>\n\t\t\t\t\t<\/div>\n\t\t\t\t\t\t\t\t\t<div class=\"elementor-grid-item\" role=\"listitem\">\n\t\t\t\t\t\t<div class=\"elementor-share-btn elementor-share-btn_telegram\" role=\"button\" tabindex=\"0\" aria-label=\"Share on telegram\">\n\t\t\t\t\t\t\t\t\t\t\t\t\t\t\t<span class=\"elementor-share-btn__icon\">\n\t\t\t\t\t\t\t\t<svg aria-hidden=\"true\" class=\"e-font-icon-svg e-fab-telegram\" viewBox=\"0 0 496 512\" xmlns=\"http:\/\/www.w3.org\/2000\/svg\"><path d=\"M248 8C111 8 0 119 0 256s111 248 248 248 248-111 248-248S385 8 248 8zm121.8 169.9l-40.7 191.8c-3 13.6-11.1 16.9-22.4 10.5l-62-45.7-29.9 28.8c-3.3 3.3-6.1 6.1-12.5 6.1l4.4-63.1 114.9-103.8c5-4.4-1.1-6.9-7.7-2.5l-142 89.4-61.2-19.1c-13.3-4.2-13.6-13.3 2.8-19.7l239.1-92.2c11.1-4 20.8 2.7 17.2 19.5z\"><\/path><\/svg>\t\t\t\t\t\t\t<\/span>\n\t\t\t\t\t\t\t\t\t\t\t\t\t\t\t\t\t\t\t\t<\/div>\n\t\t\t\t\t<\/div>\n\t\t\t\t\t\t\t\t\t<div class=\"elementor-grid-item\" role=\"listitem\">\n\t\t\t\t\t\t<div class=\"elementor-share-btn elementor-share-btn_print\" role=\"button\" tabindex=\"0\" aria-label=\"Share on print\">\n\t\t\t\t\t\t\t\t\t\t\t\t\t\t\t<span class=\"elementor-share-btn__icon\">\n\t\t\t\t\t\t\t\t<svg aria-hidden=\"true\" class=\"e-font-icon-svg e-fas-print\" viewBox=\"0 0 512 512\" xmlns=\"http:\/\/www.w3.org\/2000\/svg\"><path d=\"M448 192V77.25c0-8.49-3.37-16.62-9.37-22.63L393.37 9.37c-6-6-14.14-9.37-22.63-9.37H96C78.33 0 64 14.33 64 32v160c-35.35 0-64 28.65-64 64v112c0 8.84 7.16 16 16 16h48v96c0 17.67 14.33 32 32 32h320c17.67 0 32-14.33 32-32v-96h48c8.84 0 16-7.16 16-16V256c0-35.35-28.65-64-64-64zm-64 256H128v-96h256v96zm0-224H128V64h192v48c0 8.84 7.16 16 16 16h48v96zm48 72c-13.25 0-24-10.75-24-24 0-13.26 10.75-24 24-24s24 10.74 24 24c0 13.25-10.75 24-24 24z\"><\/path><\/svg>\t\t\t\t\t\t\t<\/span>\n\t\t\t\t\t\t\t\t\t\t\t\t\t\t\t\t\t\t\t\t<\/div>\n\t\t\t\t\t<\/div>\n\t\t\t\t\t\t\t\t\t<div class=\"elementor-grid-item\" role=\"listitem\">\n\t\t\t\t\t\t<div class=\"elementor-share-btn elementor-share-btn_email\" role=\"button\" tabindex=\"0\" aria-label=\"Share on email\">\n\t\t\t\t\t\t\t\t\t\t\t\t\t\t\t<span class=\"elementor-share-btn__icon\">\n\t\t\t\t\t\t\t\t<svg aria-hidden=\"true\" class=\"e-font-icon-svg e-fas-envelope\" viewBox=\"0 0 512 512\" xmlns=\"http:\/\/www.w3.org\/2000\/svg\"><path d=\"M502.3 190.8c3.9-3.1 9.7-.2 9.7 4.7V400c0 26.5-21.5 48-48 48H48c-26.5 0-48-21.5-48-48V195.6c0-5 5.7-7.8 9.7-4.7 22.4 17.4 52.1 39.5 154.1 113.6 21.1 15.4 56.7 47.8 92.2 47.6 35.7.3 72-32.8 92.3-47.6 102-74.1 131.6-96.3 154-113.7zM256 320c23.2.4 56.6-29.2 73.4-41.4 132.7-96.3 142.8-104.7 173.4-128.7 5.8-4.5 9.2-11.5 9.2-18.9v-19c0-26.5-21.5-48-48-48H48C21.5 64 0 85.5 0 112v19c0 7.4 3.4 14.3 9.2 18.9 30.6 23.9 40.7 32.4 173.4 128.7 16.8 12.2 50.2 41.8 73.4 41.4z\"><\/path><\/svg>\t\t\t\t\t\t\t<\/span>\n\t\t\t\t\t\t\t\t\t\t\t\t\t\t\t\t\t\t\t\t<\/div>\n\t\t\t\t\t<\/div>\n\t\t\t\t\t\t<\/div>\n\t\t\t\t\t\t<\/div>\n\t\t\t\t<\/div>\n\t\t\t\t<\/div>\n\t\t\t\t\t<\/div>\n\t\t\t\t<\/div>\n\t\t\t\t<\/div>\n\t\t\t\t<\/div>\n\t\t\t\t\t\t<\/div>\n\t\t\t\t<\/div>\n\t\t\t\t<div class=\"elementor-element elementor-element-bfd2435 elementor-posts--align-left elementor-posts__hover-none elementor-grid-3 elementor-grid-tablet-2 elementor-grid-mobile-1 elementor-posts--thumbnail-top elementor-card-shadow-yes elementor-widget elementor-widget-posts\" data-id=\"bfd2435\" data-element_type=\"widget\" data-settings=\"{&quot;cards_row_gap&quot;:{&quot;unit&quot;:&quot;px&quot;,&quot;size&quot;:20,&quot;sizes&quot;:[]},&quot;pagination_type&quot;:&quot;numbers&quot;,&quot;cards_columns&quot;:&quot;3&quot;,&quot;cards_columns_tablet&quot;:&quot;2&quot;,&quot;cards_columns_mobile&quot;:&quot;1&quot;,&quot;cards_row_gap_tablet&quot;:{&quot;unit&quot;:&quot;px&quot;,&quot;size&quot;:&quot;&quot;,&quot;sizes&quot;:[]},&quot;cards_row_gap_mobile&quot;:{&quot;unit&quot;:&quot;px&quot;,&quot;size&quot;:&quot;&quot;,&quot;sizes&quot;:[]}}\" data-widget_type=\"posts.cards\">\n\t\t\t\t<div class=\"elementor-widget-container\">\n\t\t\t\t\t\t\t<div class=\"elementor-posts-container elementor-posts elementor-posts--skin-cards elementor-grid\" role=\"list\">\n\t\t\t\t<article class=\"elementor-post elementor-grid-item post-21686 post type-post status-publish format-standard has-post-thumbnail hentry category-acuerdos category-noticias tag-policia-nacional tag-senasa\" role=\"listitem\">\n\t\t\t<div class=\"elementor-post__card\">\n\t\t\t\t<a class=\"elementor-post__thumbnail__link\" href=\"https:\/\/www.arssenasa.gob.do\/index.php\/blog\/2025\/09\/04\/senasa-pn-y-corepol-firman-acuerdo-de-planes-complementarios-en-beneficio-de-pensionados-y-jubilados-de-la-policia-nacional\/\" tabindex=\"-1\" ><div class=\"elementor-post__thumbnail\"><img fetchpriority=\"high\" decoding=\"async\" width=\"768\" height=\"512\" src=\"https:\/\/www.arssenasa.gob.do\/wp-content\/uploads\/2025\/09\/01-1-768x512.jpg\" class=\"attachment-medium_large size-medium_large wp-image-21688\" alt=\"SeNaSa y COREPOL firman acuerdo\" srcset=\"https:\/\/www.arssenasa.gob.do\/wp-content\/uploads\/2025\/09\/01-1-768x512.jpg 768w, https:\/\/www.arssenasa.gob.do\/wp-content\/uploads\/2025\/09\/01-1-300x200.jpg 300w, https:\/\/www.arssenasa.gob.do\/wp-content\/uploads\/2025\/09\/01-1-1024x683.jpg 1024w, https:\/\/www.arssenasa.gob.do\/wp-content\/uploads\/2025\/09\/01-1.jpg 1280w\" sizes=\"(max-width: 768px) 100vw, 768px\" \/><\/div><\/a>\n\t\t\t\t<div class=\"elementor-post__badge\">Acuerdos<\/div>\n\t\t\t\t<div class=\"elementor-post__text\">\n\t\t\t\t<h3 class=\"elementor-post__title\">\n\t\t\t<a href=\"https:\/\/www.arssenasa.gob.do\/index.php\/blog\/2025\/09\/04\/senasa-pn-y-corepol-firman-acuerdo-de-planes-complementarios-en-beneficio-de-pensionados-y-jubilados-de-la-policia-nacional\/\" >\n\t\t\t\tSeNaSa, PN y COREPOL firman acuerdo de Planes Complementarios en beneficio de pensionados y jubilados de la Polic\u00eda Nacional\t\t\t<\/a>\n\t\t<\/h3>\n\t\t\t\t<div class=\"elementor-post__excerpt\">\n\t\t\t<p>Santo Domingo. \u2013\u00a0El Seguro Nacional de Salud (SeNaSa), la Polic\u00eda Nacional y el Comit\u00e9 de Retiro de la instituci\u00f3n cuya misi\u00f3n es proteger y servir (COREPOL) firmaron un acuerdo de<\/p>\n\t\t<\/div>\n\t\t\n\t\t<a class=\"elementor-post__read-more\" href=\"https:\/\/www.arssenasa.gob.do\/index.php\/blog\/2025\/09\/04\/senasa-pn-y-corepol-firman-acuerdo-de-planes-complementarios-en-beneficio-de-pensionados-y-jubilados-de-la-policia-nacional\/\" aria-label=\"Read more about SeNaSa, PN y COREPOL firman acuerdo de Planes Complementarios en beneficio de pensionados y jubilados de la Polic\u00eda Nacional\" tabindex=\"-1\" >\n\t\t\tLeer m\u00e1s \u00bb\t\t<\/a>\n\n\t\t\t\t<\/div>\n\t\t\t\t<div class=\"elementor-post__meta-data\">\n\t\t\t\t\t<span class=\"elementor-post-date\">\n\t\t\tseptiembre 4, 2025\t\t<\/span>\n\t\t\t\t<\/div>\n\t\t\t\t\t<\/div>\n\t\t<\/article>\n\t\t\t\t<article class=\"elementor-post elementor-grid-item post-18965 post type-post status-publish format-standard has-post-thumbnail hentry category-acuerdos category-noticias\" role=\"listitem\">\n\t\t\t<div class=\"elementor-post__card\">\n\t\t\t\t<a class=\"elementor-post__thumbnail__link\" href=\"https:\/\/www.arssenasa.gob.do\/index.php\/blog\/2024\/09\/26\/senasa-e-intracare-firman-acuerdo-para-beneficiar-a-afiliados-con-descuentos-en-servicios-especializados\/\" tabindex=\"-1\" ><div class=\"elementor-post__thumbnail\"><img decoding=\"async\" width=\"768\" height=\"326\" src=\"https:\/\/www.arssenasa.gob.do\/wp-content\/uploads\/2024\/09\/Equipo-gerencial-de-SeNaSa-e-IntraCare-scaled-e1727371520623-768x326.jpg\" class=\"attachment-medium_large size-medium_large wp-image-18966\" alt=\"Equipo gerencial de SeNaSa e IntraCare\" srcset=\"https:\/\/www.arssenasa.gob.do\/wp-content\/uploads\/2024\/09\/Equipo-gerencial-de-SeNaSa-e-IntraCare-scaled-e1727371520623-768x326.jpg 768w, https:\/\/www.arssenasa.gob.do\/wp-content\/uploads\/2024\/09\/Equipo-gerencial-de-SeNaSa-e-IntraCare-scaled-e1727371520623-300x128.jpg 300w, https:\/\/www.arssenasa.gob.do\/wp-content\/uploads\/2024\/09\/Equipo-gerencial-de-SeNaSa-e-IntraCare-scaled-e1727371520623-1024x435.jpg 1024w, https:\/\/www.arssenasa.gob.do\/wp-content\/uploads\/2024\/09\/Equipo-gerencial-de-SeNaSa-e-IntraCare-scaled-e1727371520623-1536x653.jpg 1536w, https:\/\/www.arssenasa.gob.do\/wp-content\/uploads\/2024\/09\/Equipo-gerencial-de-SeNaSa-e-IntraCare-scaled-e1727371520623-2048x870.jpg 2048w\" sizes=\"(max-width: 768px) 100vw, 768px\" \/><\/div><\/a>\n\t\t\t\t<div class=\"elementor-post__badge\">Acuerdos<\/div>\n\t\t\t\t<div class=\"elementor-post__text\">\n\t\t\t\t<h3 class=\"elementor-post__title\">\n\t\t\t<a href=\"https:\/\/www.arssenasa.gob.do\/index.php\/blog\/2024\/09\/26\/senasa-e-intracare-firman-acuerdo-para-beneficiar-a-afiliados-con-descuentos-en-servicios-especializados\/\" >\n\t\t\t\tSeNaSa e IntraCare firman acuerdo para beneficiar a afiliados con descuentos en servicios especializados\t\t\t<\/a>\n\t\t<\/h3>\n\t\t\t\t<div class=\"elementor-post__excerpt\">\n\t\t\t<p>Santo Domingo.-&nbsp;El Seguro Nacional de Salud (SeNaSa) e IntraCare, un hospital de d\u00eda especializado en ofrecer servicios de quimioterapia, firmaron un acuerdo estrat\u00e9gico con el objetivo de proporcionar descuentos en<\/p>\n\t\t<\/div>\n\t\t\n\t\t<a class=\"elementor-post__read-more\" href=\"https:\/\/www.arssenasa.gob.do\/index.php\/blog\/2024\/09\/26\/senasa-e-intracare-firman-acuerdo-para-beneficiar-a-afiliados-con-descuentos-en-servicios-especializados\/\" aria-label=\"Read more about SeNaSa e IntraCare firman acuerdo para beneficiar a afiliados con descuentos en servicios especializados\" tabindex=\"-1\" >\n\t\t\tLeer m\u00e1s \u00bb\t\t<\/a>\n\n\t\t\t\t<\/div>\n\t\t\t\t<div class=\"elementor-post__meta-data\">\n\t\t\t\t\t<span class=\"elementor-post-date\">\n\t\t\tseptiembre 26, 2024\t\t<\/span>\n\t\t\t\t<\/div>\n\t\t\t\t\t<\/div>\n\t\t<\/article>\n\t\t\t\t<article class=\"elementor-post elementor-grid-item post-18925 post type-post status-publish format-standard has-post-thumbnail hentry category-acuerdos category-noticias\" role=\"listitem\">\n\t\t\t<div class=\"elementor-post__card\">\n\t\t\t\t<a class=\"elementor-post__thumbnail__link\" href=\"https:\/\/www.arssenasa.gob.do\/index.php\/blog\/2024\/09\/19\/senasa-y-uasd-firma-convenio-para-carnetizar-a-mas-de-50-mil-estudiantes-en-regimen-subsidiado\/\" tabindex=\"-1\" ><div class=\"elementor-post__thumbnail\"><img decoding=\"async\" width=\"768\" height=\"431\" src=\"https:\/\/www.arssenasa.gob.do\/wp-content\/uploads\/2024\/09\/WhatsApp-Image-2024-09-18-at-18.44.01-1-e1726712176135-768x431.jpeg\" class=\"attachment-medium_large size-medium_large wp-image-18926\" alt=\"El rector de la UASD, maestro Editrudis Beltr\u00e1n Cris\u00f3stomo y el director ejecutivo de SeNaSa, doctor Santiago Hazim Albainy mostrando el acuerdo firmado\" srcset=\"https:\/\/www.arssenasa.gob.do\/wp-content\/uploads\/2024\/09\/WhatsApp-Image-2024-09-18-at-18.44.01-1-e1726712176135-768x431.jpeg 768w, https:\/\/www.arssenasa.gob.do\/wp-content\/uploads\/2024\/09\/WhatsApp-Image-2024-09-18-at-18.44.01-1-e1726712176135-300x168.jpeg 300w, https:\/\/www.arssenasa.gob.do\/wp-content\/uploads\/2024\/09\/WhatsApp-Image-2024-09-18-at-18.44.01-1-e1726712176135-1024x575.jpeg 1024w, https:\/\/www.arssenasa.gob.do\/wp-content\/uploads\/2024\/09\/WhatsApp-Image-2024-09-18-at-18.44.01-1-e1726712176135.jpeg 1040w\" sizes=\"(max-width: 768px) 100vw, 768px\" \/><\/div><\/a>\n\t\t\t\t<div class=\"elementor-post__badge\">Acuerdos<\/div>\n\t\t\t\t<div class=\"elementor-post__text\">\n\t\t\t\t<h3 class=\"elementor-post__title\">\n\t\t\t<a href=\"https:\/\/www.arssenasa.gob.do\/index.php\/blog\/2024\/09\/19\/senasa-y-uasd-firma-convenio-para-carnetizar-a-mas-de-50-mil-estudiantes-en-regimen-subsidiado\/\" >\n\t\t\t\tSeNaSa y UASD firma convenio para carnetizar a m\u00e1s de 50 mil estudiantes en r\u00e9gimen subsidiado\t\t\t<\/a>\n\t\t<\/h3>\n\t\t\t\t<div class=\"elementor-post__excerpt\">\n\t\t\t<p>Santo Domingo. &#8211;&nbsp; El Seguro Nacional de Salud (SeNaSa) y la Universidad Aut\u00f3noma de Santo Domingo (UASD) suscribieron un acuerdo de colaboraci\u00f3n interinstitucional con el objetivo de entregar a los<\/p>\n\t\t<\/div>\n\t\t\n\t\t<a class=\"elementor-post__read-more\" href=\"https:\/\/www.arssenasa.gob.do\/index.php\/blog\/2024\/09\/19\/senasa-y-uasd-firma-convenio-para-carnetizar-a-mas-de-50-mil-estudiantes-en-regimen-subsidiado\/\" aria-label=\"Read more about SeNaSa y UASD firma convenio para carnetizar a m\u00e1s de 50 mil estudiantes en r\u00e9gimen subsidiado\" tabindex=\"-1\" >\n\t\t\tLeer m\u00e1s \u00bb\t\t<\/a>\n\n\t\t\t\t<\/div>\n\t\t\t\t<div class=\"elementor-post__meta-data\">\n\t\t\t\t\t<span class=\"elementor-post-date\">\n\t\t\tseptiembre 19, 2024\t\t<\/span>\n\t\t\t\t<\/div>\n\t\t\t\t\t<\/div>\n\t\t<\/article>\n\t\t\t\t<article class=\"elementor-post elementor-grid-item post-16216 post type-post status-publish format-standard has-post-thumbnail hentry category-acuerdos category-rsi-inclusion-social tag-inclusion tag-senasa\" role=\"listitem\">\n\t\t\t<div class=\"elementor-post__card\">\n\t\t\t\t<a class=\"elementor-post__thumbnail__link\" href=\"https:\/\/www.arssenasa.gob.do\/index.php\/blog\/2023\/03\/21\/senasa-patrocina-habilitacion-de-sala-de-terapias-en-adosid\/\" tabindex=\"-1\" ><div class=\"elementor-post__thumbnail\"><img loading=\"lazy\" decoding=\"async\" width=\"768\" height=\"512\" src=\"https:\/\/www.arssenasa.gob.do\/wp-content\/uploads\/2023\/03\/IMG-20230320-WA0001-768x512.jpg\" class=\"attachment-medium_large size-medium_large wp-image-16217\" alt=\"SeNaSa patrocina habilitaci\u00f3n de sala de terapias en ADOSID\" srcset=\"https:\/\/www.arssenasa.gob.do\/wp-content\/uploads\/2023\/03\/IMG-20230320-WA0001-768x512.jpg 768w, https:\/\/www.arssenasa.gob.do\/wp-content\/uploads\/2023\/03\/IMG-20230320-WA0001-300x200.jpg 300w, https:\/\/www.arssenasa.gob.do\/wp-content\/uploads\/2023\/03\/IMG-20230320-WA0001-1024x682.jpg 1024w, https:\/\/www.arssenasa.gob.do\/wp-content\/uploads\/2023\/03\/IMG-20230320-WA0001.jpg 1280w\" sizes=\"(max-width: 768px) 100vw, 768px\" \/><\/div><\/a>\n\t\t\t\t<div class=\"elementor-post__badge\">Acuerdos<\/div>\n\t\t\t\t<div class=\"elementor-post__text\">\n\t\t\t\t<h3 class=\"elementor-post__title\">\n\t\t\t<a href=\"https:\/\/www.arssenasa.gob.do\/index.php\/blog\/2023\/03\/21\/senasa-patrocina-habilitacion-de-sala-de-terapias-en-adosid\/\" >\n\t\t\t\tSeNaSa patrocina habilitaci\u00f3n de sala de terapias en ADOSID\t\t\t<\/a>\n\t\t<\/h3>\n\t\t\t\t<div class=\"elementor-post__excerpt\">\n\t\t\t<p>En el marco de la pol\u00edtica de Responsabilidad Social Institucional, firmamos un acuerdo de cooperaci\u00f3n junto a la Asociaci\u00f3n Dominicana de S\u00edndrome de Down, como parte de las acciones del<\/p>\n\t\t<\/div>\n\t\t\n\t\t<a class=\"elementor-post__read-more\" href=\"https:\/\/www.arssenasa.gob.do\/index.php\/blog\/2023\/03\/21\/senasa-patrocina-habilitacion-de-sala-de-terapias-en-adosid\/\" aria-label=\"Read more about SeNaSa patrocina habilitaci\u00f3n de sala de terapias en ADOSID\" tabindex=\"-1\" >\n\t\t\tLeer m\u00e1s \u00bb\t\t<\/a>\n\n\t\t\t\t<\/div>\n\t\t\t\t<div class=\"elementor-post__meta-data\">\n\t\t\t\t\t<span class=\"elementor-post-date\">\n\t\t\tmarzo 21, 2023\t\t<\/span>\n\t\t\t\t<\/div>\n\t\t\t\t\t<\/div>\n\t\t<\/article>\n\t\t\t\t<article class=\"elementor-post elementor-grid-item post-14607 post type-post status-publish format-standard has-post-thumbnail hentry category-acuerdos category-noticias category-rsi-inclusion-social\" role=\"listitem\">\n\t\t\t<div class=\"elementor-post__card\">\n\t\t\t\t<a class=\"elementor-post__thumbnail__link\" href=\"https:\/\/www.arssenasa.gob.do\/index.php\/blog\/2022\/11\/03\/senasa-firma-acuerdo-junto-al-gabinete-de-la-familia\/\" tabindex=\"-1\" ><div class=\"elementor-post__thumbnail\"><img loading=\"lazy\" decoding=\"async\" width=\"768\" height=\"512\" src=\"https:\/\/www.arssenasa.gob.do\/wp-content\/uploads\/2022\/11\/01-1-768x512.jpg\" class=\"attachment-medium_large size-medium_large wp-image-14610\" alt=\"Pastor D\u00edo Astacio y el doctor Santiago Hazim firmando el acuerdo\" srcset=\"https:\/\/www.arssenasa.gob.do\/wp-content\/uploads\/2022\/11\/01-1-768x512.jpg 768w, https:\/\/www.arssenasa.gob.do\/wp-content\/uploads\/2022\/11\/01-1-300x200.jpg 300w, https:\/\/www.arssenasa.gob.do\/wp-content\/uploads\/2022\/11\/01-1-1024x682.jpg 1024w, https:\/\/www.arssenasa.gob.do\/wp-content\/uploads\/2022\/11\/01-1.jpg 1280w\" sizes=\"(max-width: 768px) 100vw, 768px\" \/><\/div><\/a>\n\t\t\t\t<div class=\"elementor-post__badge\">Acuerdos<\/div>\n\t\t\t\t<div class=\"elementor-post__text\">\n\t\t\t\t<h3 class=\"elementor-post__title\">\n\t\t\t<a href=\"https:\/\/www.arssenasa.gob.do\/index.php\/blog\/2022\/11\/03\/senasa-firma-acuerdo-junto-al-gabinete-de-la-familia\/\" >\n\t\t\t\tSeNaSa firma acuerdo junto al Gabinete de la Familia\t\t\t<\/a>\n\t\t<\/h3>\n\t\t\t\t<div class=\"elementor-post__excerpt\">\n\t\t\t<p>Santo Domingo. \u2013 El Seguro Nacional de Salud (SeNaSa) realiz\u00f3 la firma de un acuerdo de colaboraci\u00f3n junto al Gabinete de la Familia, como parte de la iniciativa denominada \u201cBot\u00f3n<\/p>\n\t\t<\/div>\n\t\t\n\t\t<a class=\"elementor-post__read-more\" href=\"https:\/\/www.arssenasa.gob.do\/index.php\/blog\/2022\/11\/03\/senasa-firma-acuerdo-junto-al-gabinete-de-la-familia\/\" aria-label=\"Read more about SeNaSa firma acuerdo junto al Gabinete de la Familia\" tabindex=\"-1\" >\n\t\t\tLeer m\u00e1s \u00bb\t\t<\/a>\n\n\t\t\t\t<\/div>\n\t\t\t\t<div class=\"elementor-post__meta-data\">\n\t\t\t\t\t<span class=\"elementor-post-date\">\n\t\t\tnoviembre 3, 2022\t\t<\/span>\n\t\t\t\t<\/div>\n\t\t\t\t\t<\/div>\n\t\t<\/article>\n\t\t\t\t<article class=\"elementor-post elementor-grid-item post-12820 post type-post status-publish format-standard has-post-thumbnail hentry category-acuerdos category-noticias\" role=\"listitem\">\n\t\t\t<div class=\"elementor-post__card\">\n\t\t\t\t<a class=\"elementor-post__thumbnail__link\" href=\"https:\/\/www.arssenasa.gob.do\/index.php\/blog\/2022\/04\/21\/senasa-se-reune-en-mesa-de-trabajo-con-adocose\/\" tabindex=\"-1\" ><div class=\"elementor-post__thumbnail\"><img loading=\"lazy\" decoding=\"async\" width=\"768\" height=\"407\" src=\"https:\/\/www.arssenasa.gob.do\/wp-content\/uploads\/2022\/04\/01-2-e1650543593614-768x407.jpg\" class=\"attachment-medium_large size-medium_large wp-image-12821\" alt=\"Ejecutivos de SeNaSa y ADOCOSE\" srcset=\"https:\/\/www.arssenasa.gob.do\/wp-content\/uploads\/2022\/04\/01-2-e1650543593614-768x407.jpg 768w, https:\/\/www.arssenasa.gob.do\/wp-content\/uploads\/2022\/04\/01-2-e1650543593614-300x159.jpg 300w, https:\/\/www.arssenasa.gob.do\/wp-content\/uploads\/2022\/04\/01-2-e1650543593614-1024x542.jpg 1024w, https:\/\/www.arssenasa.gob.do\/wp-content\/uploads\/2022\/04\/01-2-e1650543593614.jpg 1280w\" sizes=\"(max-width: 768px) 100vw, 768px\" \/><\/div><\/a>\n\t\t\t\t<div class=\"elementor-post__badge\">Acuerdos<\/div>\n\t\t\t\t<div class=\"elementor-post__text\">\n\t\t\t\t<h3 class=\"elementor-post__title\">\n\t\t\t<a href=\"https:\/\/www.arssenasa.gob.do\/index.php\/blog\/2022\/04\/21\/senasa-se-reune-en-mesa-de-trabajo-con-adocose\/\" >\n\t\t\t\tSeNaSa se re\u00fane en mesa de trabajo con ADOCOSE\t\t\t<\/a>\n\t\t<\/h3>\n\t\t\t\t<div class=\"elementor-post__excerpt\">\n\t\t\t<p>Santo Domingo. \u2013 El Seguro Nacional de Salud (SeNaSa), se reuni\u00f3 con los directivos de la Asociaci\u00f3n Dominicana de Corredores de Seguros (ADOCOSE), para tratar diversos temas de inter\u00e9s y<\/p>\n\t\t<\/div>\n\t\t\n\t\t<a class=\"elementor-post__read-more\" href=\"https:\/\/www.arssenasa.gob.do\/index.php\/blog\/2022\/04\/21\/senasa-se-reune-en-mesa-de-trabajo-con-adocose\/\" aria-label=\"Read more about SeNaSa se re\u00fane en mesa de trabajo con ADOCOSE\" tabindex=\"-1\" >\n\t\t\tLeer m\u00e1s \u00bb\t\t<\/a>\n\n\t\t\t\t<\/div>\n\t\t\t\t<div class=\"elementor-post__meta-data\">\n\t\t\t\t\t<span class=\"elementor-post-date\">\n\t\t\tabril 21, 2022\t\t<\/span>\n\t\t\t\t<\/div>\n\t\t\t\t\t<\/div>\n\t\t<\/article>\n\t\t\t\t<\/div>\n\t\t\n\t\t\t\t<div class=\"e-load-more-anchor\" data-page=\"1\" data-max-page=\"15\" data-next-page=\"https:\/\/www.arssenasa.gob.do\/index.php\/wp-json\/wp\/v2\/pages\/14185\/page\/2\/\"><\/div>\n\t\t\t\t<nav class=\"elementor-pagination\" aria-label=\"Pagination\">\n\t\t\t<span aria-current=\"page\" class=\"page-numbers current\"><span class=\"elementor-screen-only\">Page<\/span>1<\/span>\n<a class=\"page-numbers\" href=\"https:\/\/www.arssenasa.gob.do\/index.php\/wp-json\/wp\/v2\/pages\/14185\/page\/2\/\"><span class=\"elementor-screen-only\">Page<\/span>2<\/a>\n<a class=\"page-numbers\" href=\"https:\/\/www.arssenasa.gob.do\/index.php\/wp-json\/wp\/v2\/pages\/14185\/page\/3\/\"><span class=\"elementor-screen-only\">Page<\/span>3<\/a>\n<span class=\"page-numbers dots\">&hellip;<\/span>\n<a class=\"page-numbers\" href=\"https:\/\/www.arssenasa.gob.do\/index.php\/wp-json\/wp\/v2\/pages\/14185\/page\/15\/\"><span class=\"elementor-screen-only\">Page<\/span>15<\/a>\t\t<\/nav>\n\t\t\t\t\t\t<\/div>\n\t\t\t\t<\/div>\n\t\t\t\t<\/div>\n\t\t\t\t\t<\/div>\n\t\t\t\t<\/div>\n\t\t\t\t<\/div>\n\t\t\t\t<\/div>\n\t\t","protected":false},"excerpt":{"rendered":"","protected":false},"author":3,"featured_media":0,"parent":66,"menu_order":0,"comment_status":"closed","ping_status":"closed","template":"elementor_header_footer","meta":{"inline_featured_image":false,"yasr_overall_rating":0,"yasr_post_is_review":"","yasr_auto_insert_disabled":"","yasr_review_type":"","_glsr_average":0,"_glsr_ranking":0,"_glsr_reviews":0,"footnotes":""},"class_list":["post-14185","page","type-page","status-publish","hentry"],"yoast_head":"<!-- This site is optimized with the Yoast SEO plugin v26.6 - https:\/\/yoast.com\/wordpress\/plugins\/seo\/ -->\n<title>Acuerdos Institucionales - ARSSeNaSa<\/title>\n<meta name=\"robots\" content=\"index, follow, max-snippet:-1, max-image-preview:large, max-video-preview:-1\" \/>\n<link rel=\"canonical\" href=\"https:\/\/www.arssenasa.gob.do\/index.php\/quienes-somos\/acuerdos-institucionales\/\" \/>\n<meta property=\"og:locale\" content=\"es_ES\" \/>\n<meta property=\"og:type\" content=\"article\" \/>\n<meta property=\"og:title\" content=\"Acuerdos Institucionales - ARSSeNaSa\" \/>\n<meta property=\"og:url\" content=\"https:\/\/www.arssenasa.gob.do\/index.php\/quienes-somos\/acuerdos-institucionales\/\" \/>\n<meta property=\"og:site_name\" content=\"ARSSeNaSa\" \/>\n<meta property=\"article:publisher\" content=\"https:\/\/www.facebook.com\/ARSSeNaSaRD\" \/>\n<meta property=\"article:modified_time\" content=\"2025-04-21T06:25:51+00:00\" \/>\n<meta name=\"twitter:card\" content=\"summary_large_image\" \/>\n<meta name=\"twitter:site\" content=\"@arssenasard\" \/>\n<meta name=\"twitter:label1\" content=\"Est. reading time\" \/>\n\t<meta name=\"twitter:data1\" content=\"4 minutos\" \/>\n<script type=\"application\/ld+json\" class=\"yoast-schema-graph\">{\"@context\":\"https:\/\/schema.org\",\"@graph\":[{\"@type\":\"WebPage\",\"@id\":\"https:\/\/www.arssenasa.gob.do\/index.php\/quienes-somos\/acuerdos-institucionales\/\",\"url\":\"https:\/\/www.arssenasa.gob.do\/index.php\/quienes-somos\/acuerdos-institucionales\/\",\"name\":\"Acuerdos Institucionales - ARSSeNaSa\",\"isPartOf\":{\"@id\":\"https:\/\/www.arssenasa.gob.do\/#website\"},\"datePublished\":\"2022-07-22T12:19:08+00:00\",\"dateModified\":\"2025-04-21T06:25:51+00:00\",\"breadcrumb\":{\"@id\":\"https:\/\/www.arssenasa.gob.do\/index.php\/quienes-somos\/acuerdos-institucionales\/#breadcrumb\"},\"inLanguage\":\"es\",\"potentialAction\":[{\"@type\":\"ReadAction\",\"target\":[\"https:\/\/www.arssenasa.gob.do\/index.php\/quienes-somos\/acuerdos-institucionales\/\"]}]},{\"@type\":\"BreadcrumbList\",\"@id\":\"https:\/\/www.arssenasa.gob.do\/index.php\/quienes-somos\/acuerdos-institucionales\/#breadcrumb\",\"itemListElement\":[{\"@type\":\"ListItem\",\"position\":1,\"name\":\"Inicio\",\"item\":\"https:\/\/www.arssenasa.gob.do\/\"},{\"@type\":\"ListItem\",\"position\":2,\"name\":\"\u00bfQui\u00e9nes somos?\",\"item\":\"https:\/\/www.arssenasa.gob.do\/index.php\/quienes-somos\/\"},{\"@type\":\"ListItem\",\"position\":3,\"name\":\"Acuerdos Institucionales\"}]},{\"@type\":\"WebSite\",\"@id\":\"https:\/\/www.arssenasa.gob.do\/#website\",\"url\":\"https:\/\/www.arssenasa.gob.do\/\",\"name\":\"ARSSeNaSa\",\"description\":\"\",\"publisher\":{\"@id\":\"https:\/\/www.arssenasa.gob.do\/#organization\"},\"potentialAction\":[{\"@type\":\"SearchAction\",\"target\":{\"@type\":\"EntryPoint\",\"urlTemplate\":\"https:\/\/www.arssenasa.gob.do\/?s={search_term_string}\"},\"query-input\":{\"@type\":\"PropertyValueSpecification\",\"valueRequired\":true,\"valueName\":\"search_term_string\"}}],\"inLanguage\":\"es\"},{\"@type\":\"Organization\",\"@id\":\"https:\/\/www.arssenasa.gob.do\/#organization\",\"name\":\"SeNaSa - Seguro Nacional de Salud\",\"url\":\"https:\/\/www.arssenasa.gob.do\/\",\"logo\":{\"@type\":\"ImageObject\",\"inLanguage\":\"es\",\"@id\":\"https:\/\/www.arssenasa.gob.do\/#\/schema\/logo\/image\/\",\"url\":\"https:\/\/www.arssenasa.gob.do\/wp-content\/uploads\/2018\/11\/logo2022.png\",\"contentUrl\":\"https:\/\/www.arssenasa.gob.do\/wp-content\/uploads\/2018\/11\/logo2022.png\",\"width\":310,\"height\":200,\"caption\":\"SeNaSa - Seguro Nacional de Salud\"},\"image\":{\"@id\":\"https:\/\/www.arssenasa.gob.do\/#\/schema\/logo\/image\/\"},\"sameAs\":[\"https:\/\/www.facebook.com\/ARSSeNaSaRD\",\"https:\/\/x.com\/arssenasard\",\"https:\/\/www.instagram.com\/arssenasard\/\",\"https:\/\/www.youtube.com\/user\/ARSSeNaSa\"]},false]}<\/script>\n<!-- \/ Yoast SEO plugin. -->","yoast_head_json":{"title":"Acuerdos Institucionales - ARSSeNaSa","robots":{"index":"index","follow":"follow","max-snippet":"max-snippet:-1","max-image-preview":"max-image-preview:large","max-video-preview":"max-video-preview:-1"},"canonical":"https:\/\/www.arssenasa.gob.do\/index.php\/quienes-somos\/acuerdos-institucionales\/","og_locale":"es_ES","og_type":"article","og_title":"Acuerdos Institucionales - ARSSeNaSa","og_url":"https:\/\/www.arssenasa.gob.do\/index.php\/quienes-somos\/acuerdos-institucionales\/","og_site_name":"ARSSeNaSa","article_publisher":"https:\/\/www.facebook.com\/ARSSeNaSaRD","article_modified_time":"2025-04-21T06:25:51+00:00","twitter_card":"summary_large_image","twitter_site":"@arssenasard","twitter_misc":{"Est. reading time":"4 minutos"},"schema":{"@context":"https:\/\/schema.org","@graph":[{"@type":"WebPage","@id":"https:\/\/www.arssenasa.gob.do\/index.php\/quienes-somos\/acuerdos-institucionales\/","url":"https:\/\/www.arssenasa.gob.do\/index.php\/quienes-somos\/acuerdos-institucionales\/","name":"Acuerdos Institucionales - ARSSeNaSa","isPartOf":{"@id":"https:\/\/www.arssenasa.gob.do\/#website"},"datePublished":"2022-07-22T12:19:08+00:00","dateModified":"2025-04-21T06:25:51+00:00","breadcrumb":{"@id":"https:\/\/www.arssenasa.gob.do\/index.php\/quienes-somos\/acuerdos-institucionales\/#breadcrumb"},"inLanguage":"es","potentialAction":[{"@type":"ReadAction","target":["https:\/\/www.arssenasa.gob.do\/index.php\/quienes-somos\/acuerdos-institucionales\/"]}]},{"@type":"BreadcrumbList","@id":"https:\/\/www.arssenasa.gob.do\/index.php\/quienes-somos\/acuerdos-institucionales\/#breadcrumb","itemListElement":[{"@type":"ListItem","position":1,"name":"Inicio","item":"https:\/\/www.arssenasa.gob.do\/"},{"@type":"ListItem","position":2,"name":"\u00bfQui\u00e9nes somos?","item":"https:\/\/www.arssenasa.gob.do\/index.php\/quienes-somos\/"},{"@type":"ListItem","position":3,"name":"Acuerdos Institucionales"}]},{"@type":"WebSite","@id":"https:\/\/www.arssenasa.gob.do\/#website","url":"https:\/\/www.arssenasa.gob.do\/","name":"ARSSeNaSa","description":"","publisher":{"@id":"https:\/\/www.arssenasa.gob.do\/#organization"},"potentialAction":[{"@type":"SearchAction","target":{"@type":"EntryPoint","urlTemplate":"https:\/\/www.arssenasa.gob.do\/?s={search_term_string}"},"query-input":{"@type":"PropertyValueSpecification","valueRequired":true,"valueName":"search_term_string"}}],"inLanguage":"es"},{"@type":"Organization","@id":"https:\/\/www.arssenasa.gob.do\/#organization","name":"SeNaSa - Seguro Nacional de Salud","url":"https:\/\/www.arssenasa.gob.do\/","logo":{"@type":"ImageObject","inLanguage":"es","@id":"https:\/\/www.arssenasa.gob.do\/#\/schema\/logo\/image\/","url":"https:\/\/www.arssenasa.gob.do\/wp-content\/uploads\/2018\/11\/logo2022.png","contentUrl":"https:\/\/www.arssenasa.gob.do\/wp-content\/uploads\/2018\/11\/logo2022.png","width":310,"height":200,"caption":"SeNaSa - Seguro Nacional de Salud"},"image":{"@id":"https:\/\/www.arssenasa.gob.do\/#\/schema\/logo\/image\/"},"sameAs":["https:\/\/www.facebook.com\/ARSSeNaSaRD","https:\/\/x.com\/arssenasard","https:\/\/www.instagram.com\/arssenasard\/","https:\/\/www.youtube.com\/user\/ARSSeNaSa"]},false]}},"yasr_visitor_votes":{"stars_attributes":{"read_only":false,"span_bottom":false},"number_of_votes":0,"sum_votes":0},"_links":{"self":[{"href":"https:\/\/www.arssenasa.gob.do\/index.php\/wp-json\/wp\/v2\/pages\/14185","targetHints":{"allow":["GET"]}}],"collection":[{"href":"https:\/\/www.arssenasa.gob.do\/index.php\/wp-json\/wp\/v2\/pages"}],"about":[{"href":"https:\/\/www.arssenasa.gob.do\/index.php\/wp-json\/wp\/v2\/types\/page"}],"author":[{"embeddable":true,"href":"https:\/\/www.arssenasa.gob.do\/index.php\/wp-json\/wp\/v2\/users\/3"}],"replies":[{"embeddable":true,"href":"https:\/\/www.arssenasa.gob.do\/index.php\/wp-json\/wp\/v2\/comments?post=14185"}],"version-history":[{"count":35,"href":"https:\/\/www.arssenasa.gob.do\/index.php\/wp-json\/wp\/v2\/pages\/14185\/revisions"}],"predecessor-version":[{"id":21049,"href":"https:\/\/www.arssenasa.gob.do\/index.php\/wp-json\/wp\/v2\/pages\/14185\/revisions\/21049"}],"up":[{"embeddable":true,"href":"https:\/\/www.arssenasa.gob.do\/index.php\/wp-json\/wp\/v2\/pages\/66"}],"wp:attachment":[{"href":"https:\/\/www.arssenasa.gob.do\/index.php\/wp-json\/wp\/v2\/media?parent=14185"}],"curies":[{"name":"wp","href":"https:\/\/api.w.org\/{rel}","templated":true}]}}